{"id":57,"date":"2025-11-27T10:55:23","date_gmt":"2025-11-27T10:55:23","guid":{"rendered":"https:\/\/huellasdelpasado.eu\/?page_id=57"},"modified":"2026-08-25T12:57:06","modified_gmt":"2026-08-25T12:57:06","slug":"galeria","status":"publish","type":"page","link":"https:\/\/huellasdelpasado.eu\/en\/galeria\/","title":{"rendered":"Gallery"},"content":{"rendered":"<style>.wp-block-kadence-spacer.kt-block-spacer-57_e13318-24 .kt-block-spacer{height:74px;}.wp-block-kadence-spacer.kt-block-spacer-57_e13318-24 .kt-divider{border-top-width:3px;height:1px;border-top-color:#d7b768;width:100%;border-top-style:solid;}<\/style>\n<div class=\"wp-block-kadence-spacer aligncenter kt-block-spacer-57_e13318-24\"><div class=\"kt-block-spacer kt-block-spacer-halign-center\"><hr class=\"kt-divider\"\/><\/div><\/div>\n\n\n<style>.wp-block-kadence-advancedgallery .kb-gallery-type-masonry.kb-gallery-id-57_fcb31f-a9{margin:-5px;}.kb-gallery-type-masonry.kb-gallery-id-57_fcb31f-a9 .kadence-blocks-gallery-item{padding:5px;}.kb-gallery-id-57_fcb31f-a9 .kadence-blocks-gallery-item .kb-gal-image-radius, .kb-gallery-id-57_fcb31f-a9 .kb-slide-item .kb-gal-image-radius img{border-radius:0px 0px 0px 0px;;}<\/style><div class=\"kb-gallery-wrap-id-57_fcb31f-a9 alignnone wp-block-kadence-advancedgallery\"><ul class=\"kb-gallery-ul kb-gallery-non-static kb-gallery-type-masonry kb-masonry-init kb-gallery-id-57_fcb31f-a9 kb-gallery-caption-style-bottom-hover kb-gallery-filter-none\" data-image-filter=\"none\" data-item-selector=\".kadence-blocks-gallery-item\" data-lightbox-caption=\"true\" data-columns-xxl=\"3\" data-columns-xl=\"3\" data-columns-md=\"3\" data-columns-sm=\"2\" data-columns-xs=\"1\" data-columns-ss=\"1\"><li class=\"kadence-blocks-gallery-item\"><div class=\"kadence-blocks-gallery-item-inner\"><figure class=\"kb-gallery-figure kb-gallery-item-has-link kadence-blocks-gallery-item-hide-caption\"><a href=\"https:\/\/huellasdelpasado.eu\/wp-content\/uploads\/2025\/12\/gryla-02.png\" class=\"kb-gallery-item-link\"  ><div class=\"kb-gal-image-radius\" style=\"max-width:683px;\"><div class=\"kb-gallery-image-contain kadence-blocks-gallery-intrinsic\" style=\"padding-bottom:149%;\"><img loading=\"lazy\" decoding=\"async\" src=\"https:\/\/huellasdelpasado.eu\/wp-content\/uploads\/2025\/12\/gryla-02-683x1024.png\" width=\"683\" height=\"1024\" alt=\"Gr\u00fdla, giganta del invierno en la mitolog\u00eda islandesa\" data-full-image=\"https:\/\/huellasdelpasado.eu\/wp-content\/uploads\/2025\/12\/gryla-02.png\" data-light-image=\"https:\/\/huellasdelpasado.eu\/wp-content\/uploads\/2025\/12\/gryla-02.png\" data-id=\"612\" class=\"wp-image-612\" srcset=\"https:\/\/huellasdelpasado.eu\/wp-content\/uploads\/2025\/12\/gryla-02-683x1024.png 683w, https:\/\/huellasdelpasado.eu\/wp-content\/uploads\/2025\/12\/gryla-02-200x300.png 200w, https:\/\/huellasdelpasado.eu\/wp-content\/uploads\/2025\/12\/gryla-02-768x1152.png 768w, https:\/\/huellasdelpasado.eu\/wp-content\/uploads\/2025\/12\/gryla-02-8x12.png 8w, https:\/\/huellasdelpasado.eu\/wp-content\/uploads\/2025\/12\/gryla-02.png 1024w\" sizes=\"auto, (max-width: 683px) 100vw, 683px\" \/><\/div><\/div><\/a><\/figure><\/div><\/li><li class=\"kadence-blocks-gallery-item\"><div class=\"kadence-blocks-gallery-item-inner\"><figure class=\"kb-gallery-figure kb-gallery-item-has-link kadence-blocks-gallery-item-hide-caption\"><a href=\"https:\/\/huellasdelpasado.eu\/wp-content\/uploads\/2025\/12\/arbol-navidad.png\" class=\"kb-gallery-item-link\"  ><div class=\"kb-gal-image-radius\" style=\"max-width:683px;\"><div class=\"kb-gallery-image-contain kadence-blocks-gallery-intrinsic\" style=\"padding-bottom:149%;\"><img loading=\"lazy\" decoding=\"async\" src=\"https:\/\/huellasdelpasado.eu\/wp-content\/uploads\/2025\/12\/arbol-navidad-683x1024.png\" width=\"683\" height=\"1024\" alt=\"El \u00c1rbol de Navidad es uno de los s\u00edmbolos m\u00e1s reconocibles de la \u00e9poca navide\u00f1a.\" data-full-image=\"https:\/\/huellasdelpasado.eu\/wp-content\/uploads\/2025\/12\/arbol-navidad.png\" data-light-image=\"https:\/\/huellasdelpasado.eu\/wp-content\/uploads\/2025\/12\/arbol-navidad.png\" data-id=\"673\" class=\"wp-image-673\" srcset=\"https:\/\/huellasdelpasado.eu\/wp-content\/uploads\/2025\/12\/arbol-navidad-683x1024.png 683w, https:\/\/huellasdelpasado.eu\/wp-content\/uploads\/2025\/12\/arbol-navidad-200x300.png 200w, https:\/\/huellasdelpasado.eu\/wp-content\/uploads\/2025\/12\/arbol-navidad-768x1152.png 768w, https:\/\/huellasdelpasado.eu\/wp-content\/uploads\/2025\/12\/arbol-navidad-8x12.png 8w, https:\/\/huellasdelpasado.eu\/wp-content\/uploads\/2025\/12\/arbol-navidad.png 1024w\" sizes=\"auto, (max-width: 683px) 100vw, 683px\" \/><\/div><\/div><\/a><\/figure><\/div><\/li><li class=\"kadence-blocks-gallery-item\"><div class=\"kadence-blocks-gallery-item-inner\"><figure class=\"kb-gallery-figure kb-gallery-item-has-link kadence-blocks-gallery-item-hide-caption\"><a href=\"https:\/\/huellasdelpasado.eu\/wp-content\/uploads\/2025\/12\/gato-de-yule-01.png\" class=\"kb-gallery-item-link\"  ><div class=\"kb-gal-image-radius\" style=\"max-width:683px;\"><div class=\"kb-gallery-image-contain kadence-blocks-gallery-intrinsic\" style=\"padding-bottom:149%;\"><img loading=\"lazy\" decoding=\"async\" src=\"https:\/\/huellasdelpasado.eu\/wp-content\/uploads\/2025\/12\/gato-de-yule-01-683x1024.png\" width=\"683\" height=\"1024\" alt=\"El Gato de Yule, es un felino oscuro y gigantesco en la Navidad islandesa.\" data-full-image=\"https:\/\/huellasdelpasado.eu\/wp-content\/uploads\/2025\/12\/gato-de-yule-01.png\" data-light-image=\"https:\/\/huellasdelpasado.eu\/wp-content\/uploads\/2025\/12\/gato-de-yule-01.png\" data-id=\"674\" class=\"wp-image-674\" srcset=\"https:\/\/huellasdelpasado.eu\/wp-content\/uploads\/2025\/12\/gato-de-yule-01-683x1024.png 683w, https:\/\/huellasdelpasado.eu\/wp-content\/uploads\/2025\/12\/gato-de-yule-01-200x300.png 200w, https:\/\/huellasdelpasado.eu\/wp-content\/uploads\/2025\/12\/gato-de-yule-01-768x1152.png 768w, https:\/\/huellasdelpasado.eu\/wp-content\/uploads\/2025\/12\/gato-de-yule-01-8x12.png 8w, https:\/\/huellasdelpasado.eu\/wp-content\/uploads\/2025\/12\/gato-de-yule-01.png 1024w\" sizes=\"auto, (max-width: 683px) 100vw, 683px\" \/><\/div><\/div><\/a><\/figure><\/div><\/li><\/ul><\/div>\n\n<style>.wp-block-kadence-spacer.kt-block-spacer-57_846893-be .kt-block-spacer{height:74px;}.wp-block-kadence-spacer.kt-block-spacer-57_846893-be .kt-divider{border-top-width:3px;height:1px;border-top-color:#d7b768;width:100%;border-top-style:solid;}<\/style>\n<div class=\"wp-block-kadence-spacer aligncenter kt-block-spacer-57_846893-be\"><div class=\"kt-block-spacer kt-block-spacer-halign-center\"><hr class=\"kt-divider\"\/><\/div><\/div>\n\n\n<style>.wp-block-kadence-advancedgallery .kb-gallery-type-masonry.kb-gallery-id-57_eb1bae-5f{margin:-5px;}.kb-gallery-type-masonry.kb-gallery-id-57_eb1bae-5f .kadence-blocks-gallery-item{padding:5px;}.kb-gallery-id-57_eb1bae-5f .kadence-blocks-gallery-item .kb-gal-image-radius, .kb-gallery-id-57_eb1bae-5f .kb-slide-item .kb-gal-image-radius img{border-radius:0px 0px 0px 0px;;}<\/style><div class=\"kb-gallery-wrap-id-57_eb1bae-5f alignnone wp-block-kadence-advancedgallery\"><ul class=\"kb-gallery-ul kb-gallery-non-static kb-gallery-type-masonry kb-masonry-init kb-gallery-id-57_eb1bae-5f kb-gallery-caption-style-bottom-hover kb-gallery-filter-none\" data-image-filter=\"none\" data-item-selector=\".kadence-blocks-gallery-item\" data-lightbox-caption=\"true\" data-columns-xxl=\"3\" data-columns-xl=\"3\" data-columns-md=\"3\" data-columns-sm=\"2\" data-columns-xs=\"1\" data-columns-ss=\"1\"><li class=\"kadence-blocks-gallery-item\"><div class=\"kadence-blocks-gallery-item-inner\"><figure class=\"kb-gallery-figure kb-gallery-item-has-link kadence-blocks-gallery-item-hide-caption\"><a href=\"https:\/\/huellasdelpasado.eu\/wp-content\/uploads\/2025\/12\/auohumla-vaca-primogenia.png\" class=\"kb-gallery-item-link\"  ><div class=\"kb-gal-image-radius\" style=\"max-width:1024px;\"><div class=\"kb-gallery-image-contain kadence-blocks-gallery-intrinsic\" style=\"padding-bottom:100%;\"><img loading=\"lazy\" decoding=\"async\" src=\"https:\/\/huellasdelpasado.eu\/wp-content\/uploads\/2025\/12\/auohumla-vaca-primogenia.png\" width=\"1024\" height=\"1024\" alt=\"\" data-full-image=\"https:\/\/huellasdelpasado.eu\/wp-content\/uploads\/2025\/12\/auohumla-vaca-primogenia.png\" data-light-image=\"https:\/\/huellasdelpasado.eu\/wp-content\/uploads\/2025\/12\/auohumla-vaca-primogenia.png\" data-id=\"678\" class=\"wp-image-678\" srcset=\"https:\/\/huellasdelpasado.eu\/wp-content\/uploads\/2025\/12\/auohumla-vaca-primogenia.png 1024w, https:\/\/huellasdelpasado.eu\/wp-content\/uploads\/2025\/12\/auohumla-vaca-primogenia-300x300.png 300w, https:\/\/huellasdelpasado.eu\/wp-content\/uploads\/2025\/12\/auohumla-vaca-primogenia-150x150.png 150w, https:\/\/huellasdelpasado.eu\/wp-content\/uploads\/2025\/12\/auohumla-vaca-primogenia-768x768.png 768w, https:\/\/huellasdelpasado.eu\/wp-content\/uploads\/2025\/12\/auohumla-vaca-primogenia-12x12.png 12w\" sizes=\"auto, (max-width: 1024px) 100vw, 1024px\" \/><\/div><\/div><\/a><\/figure><\/div><\/li><li class=\"kadence-blocks-gallery-item\"><div class=\"kadence-blocks-gallery-item-inner\"><figure class=\"kb-gallery-figure kb-gallery-item-has-link kadence-blocks-gallery-item-hide-caption\"><a href=\"https:\/\/huellasdelpasado.eu\/wp-content\/uploads\/2025\/12\/jolaotturinn-gato-de-yule-02.png\" class=\"kb-gallery-item-link\"  ><div class=\"kb-gal-image-radius\" style=\"max-width:683px;\"><div class=\"kb-gallery-image-contain kadence-blocks-gallery-intrinsic\" style=\"padding-bottom:149%;\"><img loading=\"lazy\" decoding=\"async\" src=\"https:\/\/huellasdelpasado.eu\/wp-content\/uploads\/2025\/12\/jolaotturinn-gato-de-yule-02-683x1024.png\" width=\"683\" height=\"1024\" alt=\"\" data-full-image=\"https:\/\/huellasdelpasado.eu\/wp-content\/uploads\/2025\/12\/jolaotturinn-gato-de-yule-02.png\" data-light-image=\"https:\/\/huellasdelpasado.eu\/wp-content\/uploads\/2025\/12\/jolaotturinn-gato-de-yule-02.png\" data-id=\"675\" class=\"wp-image-675\" srcset=\"https:\/\/huellasdelpasado.eu\/wp-content\/uploads\/2025\/12\/jolaotturinn-gato-de-yule-02-683x1024.png 683w, https:\/\/huellasdelpasado.eu\/wp-content\/uploads\/2025\/12\/jolaotturinn-gato-de-yule-02-200x300.png 200w, https:\/\/huellasdelpasado.eu\/wp-content\/uploads\/2025\/12\/jolaotturinn-gato-de-yule-02-768x1152.png 768w, https:\/\/huellasdelpasado.eu\/wp-content\/uploads\/2025\/12\/jolaotturinn-gato-de-yule-02-8x12.png 8w, https:\/\/huellasdelpasado.eu\/wp-content\/uploads\/2025\/12\/jolaotturinn-gato-de-yule-02.png 1024w\" sizes=\"auto, (max-width: 683px) 100vw, 683px\" \/><\/div><\/div><\/a><\/figure><\/div><\/li><li class=\"kadence-blocks-gallery-item\"><div class=\"kadence-blocks-gallery-item-inner\"><figure class=\"kb-gallery-figure kb-gallery-item-has-link kadence-blocks-gallery-item-hide-caption\"><a href=\"https:\/\/huellasdelpasado.eu\/wp-content\/uploads\/2025\/12\/tribu-de-los-belos.png\" class=\"kb-gallery-item-link\"  ><div class=\"kb-gal-image-radius\" style=\"max-width:1024px;\"><div class=\"kb-gallery-image-contain kadence-blocks-gallery-intrinsic\" style=\"padding-bottom:66%;\"><img loading=\"lazy\" decoding=\"async\" src=\"https:\/\/huellasdelpasado.eu\/wp-content\/uploads\/2025\/12\/tribu-de-los-belos-1024x683.png\" width=\"1024\" height=\"683\" alt=\"\" data-full-image=\"https:\/\/huellasdelpasado.eu\/wp-content\/uploads\/2025\/12\/tribu-de-los-belos.png\" data-light-image=\"https:\/\/huellasdelpasado.eu\/wp-content\/uploads\/2025\/12\/tribu-de-los-belos.png\" data-id=\"683\" class=\"wp-image-683\" srcset=\"https:\/\/huellasdelpasado.eu\/wp-content\/uploads\/2025\/12\/tribu-de-los-belos-1024x683.png 1024w, https:\/\/huellasdelpasado.eu\/wp-content\/uploads\/2025\/12\/tribu-de-los-belos-300x200.png 300w, https:\/\/huellasdelpasado.eu\/wp-content\/uploads\/2025\/12\/tribu-de-los-belos-768x512.png 768w, https:\/\/huellasdelpasado.eu\/wp-content\/uploads\/2025\/12\/tribu-de-los-belos-18x12.png 18w, https:\/\/huellasdelpasado.eu\/wp-content\/uploads\/2025\/12\/tribu-de-los-belos.png 1536w\" sizes=\"auto, (max-width: 1024px) 100vw, 1024px\" \/><\/div><\/div><\/a><\/figure><\/div><\/li><\/ul><\/div>\n\n<style>.wp-block-kadence-spacer.kt-block-spacer-57_360c4d-bb .kt-block-spacer{height:74px;}.wp-block-kadence-spacer.kt-block-spacer-57_360c4d-bb .kt-divider{border-top-width:3px;height:1px;border-top-color:#d7b768;width:100%;border-top-style:solid;}<\/style>\n<div class=\"wp-block-kadence-spacer aligncenter kt-block-spacer-57_360c4d-bb\"><div class=\"kt-block-spacer kt-block-spacer-halign-center\"><hr class=\"kt-divider\"\/><\/div><\/div>\n\n\n<style>.wp-block-kadence-advancedgallery .kb-gallery-type-masonry.kb-gallery-id-57_c2420b-29{margin:-5px;}.kb-gallery-type-masonry.kb-gallery-id-57_c2420b-29 .kadence-blocks-gallery-item{padding:5px;}.kb-gallery-id-57_c2420b-29 .kadence-blocks-gallery-item .kb-gal-image-radius, .kb-gallery-id-57_c2420b-29 .kb-slide-item .kb-gal-image-radius img{border-radius:0px 0px 0px 0px;;}<\/style><div class=\"kb-gallery-wrap-id-57_c2420b-29 alignnone wp-block-kadence-advancedgallery\"><ul class=\"kb-gallery-ul kb-gallery-non-static kb-gallery-type-masonry kb-masonry-init kb-gallery-id-57_c2420b-29 kb-gallery-caption-style-bottom-hover kb-gallery-filter-none\" data-image-filter=\"none\" data-item-selector=\".kadence-blocks-gallery-item\" data-lightbox-caption=\"true\" data-columns-xxl=\"3\" data-columns-xl=\"3\" data-columns-md=\"3\" data-columns-sm=\"2\" data-columns-xs=\"1\" data-columns-ss=\"1\"><li class=\"kadence-blocks-gallery-item\"><div class=\"kadence-blocks-gallery-item-inner\"><figure class=\"kb-gallery-figure kb-gallery-item-has-link kadence-blocks-gallery-item-hide-caption\"><a href=\"https:\/\/huellasdelpasado.eu\/wp-content\/uploads\/2025\/12\/Los-cuatro-ciervos.-Dainn-Dvalinn-Duneyrr-y-Durapror.png\" class=\"kb-gallery-item-link\"  ><div class=\"kb-gal-image-radius\" style=\"max-width:683px;\"><div class=\"kb-gallery-image-contain kadence-blocks-gallery-intrinsic\" style=\"padding-bottom:149%;\"><img loading=\"lazy\" decoding=\"async\" src=\"https:\/\/huellasdelpasado.eu\/wp-content\/uploads\/2025\/12\/Los-cuatro-ciervos.-Dainn-Dvalinn-Duneyrr-y-Durapror-683x1024.png\" width=\"683\" height=\"1024\" alt=\"\" data-full-image=\"https:\/\/huellasdelpasado.eu\/wp-content\/uploads\/2025\/12\/Los-cuatro-ciervos.-Dainn-Dvalinn-Duneyrr-y-Durapror.png\" data-light-image=\"https:\/\/huellasdelpasado.eu\/wp-content\/uploads\/2025\/12\/Los-cuatro-ciervos.-Dainn-Dvalinn-Duneyrr-y-Durapror.png\" data-id=\"779\" class=\"wp-image-779\" srcset=\"https:\/\/huellasdelpasado.eu\/wp-content\/uploads\/2025\/12\/Los-cuatro-ciervos.-Dainn-Dvalinn-Duneyrr-y-Durapror-683x1024.png 683w, https:\/\/huellasdelpasado.eu\/wp-content\/uploads\/2025\/12\/Los-cuatro-ciervos.-Dainn-Dvalinn-Duneyrr-y-Durapror-200x300.png 200w, https:\/\/huellasdelpasado.eu\/wp-content\/uploads\/2025\/12\/Los-cuatro-ciervos.-Dainn-Dvalinn-Duneyrr-y-Durapror-768x1152.png 768w, https:\/\/huellasdelpasado.eu\/wp-content\/uploads\/2025\/12\/Los-cuatro-ciervos.-Dainn-Dvalinn-Duneyrr-y-Durapror-8x12.png 8w, https:\/\/huellasdelpasado.eu\/wp-content\/uploads\/2025\/12\/Los-cuatro-ciervos.-Dainn-Dvalinn-Duneyrr-y-Durapror.png 1024w\" sizes=\"auto, (max-width: 683px) 100vw, 683px\" \/><\/div><\/div><\/a><\/figure><\/div><\/li><li class=\"kadence-blocks-gallery-item\"><div class=\"kadence-blocks-gallery-item-inner\"><figure class=\"kb-gallery-figure kb-gallery-item-has-link kadence-blocks-gallery-item-hide-caption\"><a href=\"https:\/\/huellasdelpasado.eu\/wp-content\/uploads\/2025\/12\/Ratatoskr.png\" class=\"kb-gallery-item-link\"  ><div class=\"kb-gal-image-radius\" style=\"max-width:683px;\"><div class=\"kb-gallery-image-contain kadence-blocks-gallery-intrinsic\" style=\"padding-bottom:149%;\"><img loading=\"lazy\" decoding=\"async\" src=\"https:\/\/huellasdelpasado.eu\/wp-content\/uploads\/2025\/12\/Ratatoskr-683x1024.png\" width=\"683\" height=\"1024\" alt=\"\" data-full-image=\"https:\/\/huellasdelpasado.eu\/wp-content\/uploads\/2025\/12\/Ratatoskr.png\" data-light-image=\"https:\/\/huellasdelpasado.eu\/wp-content\/uploads\/2025\/12\/Ratatoskr.png\" data-id=\"780\" class=\"wp-image-780\" srcset=\"https:\/\/huellasdelpasado.eu\/wp-content\/uploads\/2025\/12\/Ratatoskr-683x1024.png 683w, https:\/\/huellasdelpasado.eu\/wp-content\/uploads\/2025\/12\/Ratatoskr-200x300.png 200w, https:\/\/huellasdelpasado.eu\/wp-content\/uploads\/2025\/12\/Ratatoskr-768x1152.png 768w, https:\/\/huellasdelpasado.eu\/wp-content\/uploads\/2025\/12\/Ratatoskr-8x12.png 8w, https:\/\/huellasdelpasado.eu\/wp-content\/uploads\/2025\/12\/Ratatoskr.png 1024w\" sizes=\"auto, (max-width: 683px) 100vw, 683px\" \/><\/div><\/div><\/a><\/figure><\/div><\/li><li class=\"kadence-blocks-gallery-item\"><div class=\"kadence-blocks-gallery-item-inner\"><figure class=\"kb-gallery-figure kb-gallery-item-has-link kadence-blocks-gallery-item-hide-caption\"><a href=\"https:\/\/huellasdelpasado.eu\/wp-content\/uploads\/2025\/12\/Nidhoggr.png\" class=\"kb-gallery-item-link\"  ><div class=\"kb-gal-image-radius\" style=\"max-width:683px;\"><div class=\"kb-gallery-image-contain kadence-blocks-gallery-intrinsic\" style=\"padding-bottom:149%;\"><img loading=\"lazy\" decoding=\"async\" src=\"https:\/\/huellasdelpasado.eu\/wp-content\/uploads\/2025\/12\/Nidhoggr-683x1024.png\" width=\"683\" height=\"1024\" alt=\"\" data-full-image=\"https:\/\/huellasdelpasado.eu\/wp-content\/uploads\/2025\/12\/Nidhoggr.png\" data-light-image=\"https:\/\/huellasdelpasado.eu\/wp-content\/uploads\/2025\/12\/Nidhoggr.png\" data-id=\"781\" class=\"wp-image-781\" srcset=\"https:\/\/huellasdelpasado.eu\/wp-content\/uploads\/2025\/12\/Nidhoggr-683x1024.png 683w, https:\/\/huellasdelpasado.eu\/wp-content\/uploads\/2025\/12\/Nidhoggr-200x300.png 200w, https:\/\/huellasdelpasado.eu\/wp-content\/uploads\/2025\/12\/Nidhoggr-768x1152.png 768w, https:\/\/huellasdelpasado.eu\/wp-content\/uploads\/2025\/12\/Nidhoggr-8x12.png 8w, https:\/\/huellasdelpasado.eu\/wp-content\/uploads\/2025\/12\/Nidhoggr.png 1024w\" sizes=\"auto, (max-width: 683px) 100vw, 683px\" \/><\/div><\/div><\/a><\/figure><\/div><\/li><\/ul><\/div>\n\n<style>.wp-block-kadence-spacer.kt-block-spacer-57_5f85ad-05 .kt-block-spacer{height:74px;}.wp-block-kadence-spacer.kt-block-spacer-57_5f85ad-05 .kt-divider{border-top-width:3px;height:1px;border-top-color:#d7b768;width:100%;border-top-style:solid;}<\/style>\n<div class=\"wp-block-kadence-spacer aligncenter kt-block-spacer-57_5f85ad-05\"><div class=\"kt-block-spacer kt-block-spacer-halign-center\"><hr class=\"kt-divider\"\/><\/div><\/div>\n\n\n<style>.wp-block-kadence-advancedgallery .kb-gallery-type-masonry.kb-gallery-id-57_9592f0-e0{margin:-5px;}.kb-gallery-type-masonry.kb-gallery-id-57_9592f0-e0 .kadence-blocks-gallery-item{padding:5px;}.kb-gallery-id-57_9592f0-e0 .kadence-blocks-gallery-item .kb-gal-image-radius, .kb-gallery-id-57_9592f0-e0 .kb-slide-item .kb-gal-image-radius img{border-radius:0px 0px 0px 0px;;}<\/style><div class=\"kb-gallery-wrap-id-57_9592f0-e0 alignnone wp-block-kadence-advancedgallery\"><ul class=\"kb-gallery-ul kb-gallery-non-static kb-gallery-type-masonry kb-masonry-init kb-gallery-id-57_9592f0-e0 kb-gallery-caption-style-bottom-hover kb-gallery-filter-none\" data-image-filter=\"none\" data-item-selector=\".kadence-blocks-gallery-item\" data-lightbox-caption=\"true\" data-columns-xxl=\"3\" data-columns-xl=\"3\" data-columns-md=\"3\" data-columns-sm=\"2\" data-columns-xs=\"1\" data-columns-ss=\"1\"><li class=\"kadence-blocks-gallery-item\"><div class=\"kadence-blocks-gallery-item-inner\"><figure class=\"kb-gallery-figure kb-gallery-item-has-link kadence-blocks-gallery-item-hide-caption\"><a href=\"https:\/\/huellasdelpasado.eu\/wp-content\/uploads\/2026\/02\/vanaheim-02.png\" class=\"kb-gallery-item-link\"  ><div class=\"kb-gal-image-radius\" style=\"max-width:1024px;\"><div class=\"kb-gallery-image-contain kadence-blocks-gallery-intrinsic\" style=\"padding-bottom:66%;\"><img loading=\"lazy\" decoding=\"async\" src=\"https:\/\/huellasdelpasado.eu\/wp-content\/uploads\/2026\/02\/vanaheim-02-1024x683.png\" width=\"1024\" height=\"683\" alt=\"\" data-full-image=\"https:\/\/huellasdelpasado.eu\/wp-content\/uploads\/2026\/02\/vanaheim-02.png\" data-light-image=\"https:\/\/huellasdelpasado.eu\/wp-content\/uploads\/2026\/02\/vanaheim-02.png\" data-id=\"1141\" class=\"wp-image-1141\" srcset=\"https:\/\/huellasdelpasado.eu\/wp-content\/uploads\/2026\/02\/vanaheim-02-1024x683.png 1024w, https:\/\/huellasdelpasado.eu\/wp-content\/uploads\/2026\/02\/vanaheim-02-300x200.png 300w, https:\/\/huellasdelpasado.eu\/wp-content\/uploads\/2026\/02\/vanaheim-02-768x512.png 768w, https:\/\/huellasdelpasado.eu\/wp-content\/uploads\/2026\/02\/vanaheim-02-18x12.png 18w, https:\/\/huellasdelpasado.eu\/wp-content\/uploads\/2026\/02\/vanaheim-02.png 1536w\" sizes=\"auto, (max-width: 1024px) 100vw, 1024px\" \/><\/div><\/div><\/a><\/figure><\/div><\/li><li class=\"kadence-blocks-gallery-item\"><div class=\"kadence-blocks-gallery-item-inner\"><figure class=\"kb-gallery-figure kb-gallery-item-has-link kadence-blocks-gallery-item-hide-caption\"><a href=\"https:\/\/huellasdelpasado.eu\/wp-content\/uploads\/2026\/02\/cruz-solar-celta-vs-cruz-celta-cristiana.png\" class=\"kb-gallery-item-link\"  ><div class=\"kb-gal-image-radius\" style=\"max-width:1024px;\"><div class=\"kb-gallery-image-contain kadence-blocks-gallery-intrinsic\" style=\"padding-bottom:66%;\"><img loading=\"lazy\" decoding=\"async\" src=\"https:\/\/huellasdelpasado.eu\/wp-content\/uploads\/2026\/02\/cruz-solar-celta-vs-cruz-celta-cristiana-1024x683.png\" width=\"1024\" height=\"683\" alt=\"\" data-full-image=\"https:\/\/huellasdelpasado.eu\/wp-content\/uploads\/2026\/02\/cruz-solar-celta-vs-cruz-celta-cristiana.png\" data-light-image=\"https:\/\/huellasdelpasado.eu\/wp-content\/uploads\/2026\/02\/cruz-solar-celta-vs-cruz-celta-cristiana.png\" data-id=\"1142\" class=\"wp-image-1142\" srcset=\"https:\/\/huellasdelpasado.eu\/wp-content\/uploads\/2026\/02\/cruz-solar-celta-vs-cruz-celta-cristiana-1024x683.png 1024w, https:\/\/huellasdelpasado.eu\/wp-content\/uploads\/2026\/02\/cruz-solar-celta-vs-cruz-celta-cristiana-300x200.png 300w, https:\/\/huellasdelpasado.eu\/wp-content\/uploads\/2026\/02\/cruz-solar-celta-vs-cruz-celta-cristiana-768x512.png 768w, https:\/\/huellasdelpasado.eu\/wp-content\/uploads\/2026\/02\/cruz-solar-celta-vs-cruz-celta-cristiana-18x12.png 18w, https:\/\/huellasdelpasado.eu\/wp-content\/uploads\/2026\/02\/cruz-solar-celta-vs-cruz-celta-cristiana.png 1536w\" sizes=\"auto, (max-width: 1024px) 100vw, 1024px\" \/><\/div><\/div><\/a><\/figure><\/div><\/li><li class=\"kadence-blocks-gallery-item\"><div class=\"kadence-blocks-gallery-item-inner\"><figure class=\"kb-gallery-figure kb-gallery-item-has-link kadence-blocks-gallery-item-hide-caption\"><a href=\"https:\/\/huellasdelpasado.eu\/wp-content\/uploads\/2026\/02\/leprachaun-folclore-irlandes.png\" class=\"kb-gallery-item-link\"  ><div class=\"kb-gal-image-radius\" style=\"max-width:1024px;\"><div class=\"kb-gallery-image-contain kadence-blocks-gallery-intrinsic\" style=\"padding-bottom:66%;\"><img loading=\"lazy\" decoding=\"async\" src=\"https:\/\/huellasdelpasado.eu\/wp-content\/uploads\/2026\/02\/leprachaun-folclore-irlandes-1024x683.png\" width=\"1024\" height=\"683\" alt=\"\" data-full-image=\"https:\/\/huellasdelpasado.eu\/wp-content\/uploads\/2026\/02\/leprachaun-folclore-irlandes.png\" data-light-image=\"https:\/\/huellasdelpasado.eu\/wp-content\/uploads\/2026\/02\/leprachaun-folclore-irlandes.png\" data-id=\"1143\" class=\"wp-image-1143\" srcset=\"https:\/\/huellasdelpasado.eu\/wp-content\/uploads\/2026\/02\/leprachaun-folclore-irlandes-1024x683.png 1024w, https:\/\/huellasdelpasado.eu\/wp-content\/uploads\/2026\/02\/leprachaun-folclore-irlandes-300x200.png 300w, https:\/\/huellasdelpasado.eu\/wp-content\/uploads\/2026\/02\/leprachaun-folclore-irlandes-768x512.png 768w, https:\/\/huellasdelpasado.eu\/wp-content\/uploads\/2026\/02\/leprachaun-folclore-irlandes-18x12.png 18w, https:\/\/huellasdelpasado.eu\/wp-content\/uploads\/2026\/02\/leprachaun-folclore-irlandes.png 1536w\" sizes=\"auto, (max-width: 1024px) 100vw, 1024px\" \/><\/div><\/div><\/a><\/figure><\/div><\/li><\/ul><\/div>\n\n<style>.wp-block-kadence-spacer.kt-block-spacer-57_e154f8-96 .kt-block-spacer{height:74px;}.wp-block-kadence-spacer.kt-block-spacer-57_e154f8-96 .kt-divider{border-top-width:3px;height:1px;border-top-color:#d7b768;width:100%;border-top-style:solid;}<\/style>\n<div class=\"wp-block-kadence-spacer aligncenter kt-block-spacer-57_e154f8-96\"><div class=\"kt-block-spacer kt-block-spacer-halign-center\"><hr class=\"kt-divider\"\/><\/div><\/div>\n\n\n<style>.wp-block-kadence-advancedgallery .kb-gallery-type-masonry.kb-gallery-id-57_b212b2-a2{margin:-5px;}.kb-gallery-type-masonry.kb-gallery-id-57_b212b2-a2 .kadence-blocks-gallery-item{padding:5px;}.kb-gallery-id-57_b212b2-a2 .kadence-blocks-gallery-item .kb-gal-image-radius, .kb-gallery-id-57_b212b2-a2 .kb-slide-item .kb-gal-image-radius img{border-radius:0px 0px 0px 0px;;}<\/style><div class=\"kb-gallery-wrap-id-57_b212b2-a2 alignnone wp-block-kadence-advancedgallery\"><ul class=\"kb-gallery-ul kb-gallery-non-static kb-gallery-type-masonry kb-masonry-init kb-gallery-id-57_b212b2-a2 kb-gallery-caption-style-bottom-hover kb-gallery-filter-none\" data-image-filter=\"none\" data-item-selector=\".kadence-blocks-gallery-item\" data-lightbox-caption=\"true\" data-columns-xxl=\"3\" data-columns-xl=\"3\" data-columns-md=\"3\" data-columns-sm=\"2\" data-columns-xs=\"1\" data-columns-ss=\"1\"><li class=\"kadence-blocks-gallery-item\"><div class=\"kadence-blocks-gallery-item-inner\"><figure class=\"kb-gallery-figure kb-gallery-item-has-link kadence-blocks-gallery-item-hide-caption\"><a href=\"https:\/\/huellasdelpasado.eu\/wp-content\/uploads\/2026\/03\/ceremonia-salii-marzo-roma.png\" class=\"kb-gallery-item-link\"  ><div class=\"kb-gal-image-radius\" style=\"max-width:1024px;\"><div class=\"kb-gallery-image-contain kadence-blocks-gallery-intrinsic\" style=\"padding-bottom:66%;\"><img loading=\"lazy\" decoding=\"async\" src=\"https:\/\/huellasdelpasado.eu\/wp-content\/uploads\/2026\/03\/ceremonia-salii-marzo-roma-1024x683.png\" width=\"1024\" height=\"683\" alt=\"\" data-full-image=\"https:\/\/huellasdelpasado.eu\/wp-content\/uploads\/2026\/03\/ceremonia-salii-marzo-roma.png\" data-light-image=\"https:\/\/huellasdelpasado.eu\/wp-content\/uploads\/2026\/03\/ceremonia-salii-marzo-roma.png\" data-id=\"1283\" class=\"wp-image-1283\" srcset=\"https:\/\/huellasdelpasado.eu\/wp-content\/uploads\/2026\/03\/ceremonia-salii-marzo-roma-1024x683.png 1024w, https:\/\/huellasdelpasado.eu\/wp-content\/uploads\/2026\/03\/ceremonia-salii-marzo-roma-300x200.png 300w, https:\/\/huellasdelpasado.eu\/wp-content\/uploads\/2026\/03\/ceremonia-salii-marzo-roma-768x512.png 768w, https:\/\/huellasdelpasado.eu\/wp-content\/uploads\/2026\/03\/ceremonia-salii-marzo-roma-18x12.png 18w, https:\/\/huellasdelpasado.eu\/wp-content\/uploads\/2026\/03\/ceremonia-salii-marzo-roma.png 1536w\" sizes=\"auto, (max-width: 1024px) 100vw, 1024px\" \/><\/div><\/div><\/a><\/figure><\/div><\/li><li class=\"kadence-blocks-gallery-item\"><div class=\"kadence-blocks-gallery-item-inner\"><figure class=\"kb-gallery-figure kb-gallery-item-has-link kadence-blocks-gallery-item-hide-caption\"><a href=\"https:\/\/huellasdelpasado.eu\/wp-content\/uploads\/2026\/03\/muspelheim-01.png\" class=\"kb-gallery-item-link\"  ><div class=\"kb-gal-image-radius\" style=\"max-width:1024px;\"><div class=\"kb-gallery-image-contain kadence-blocks-gallery-intrinsic\" style=\"padding-bottom:66%;\"><img loading=\"lazy\" decoding=\"async\" src=\"https:\/\/huellasdelpasado.eu\/wp-content\/uploads\/2026\/03\/muspelheim-01-1024x683.png\" width=\"1024\" height=\"683\" alt=\"\" data-full-image=\"https:\/\/huellasdelpasado.eu\/wp-content\/uploads\/2026\/03\/muspelheim-01.png\" data-light-image=\"https:\/\/huellasdelpasado.eu\/wp-content\/uploads\/2026\/03\/muspelheim-01.png\" data-id=\"1284\" class=\"wp-image-1284\" srcset=\"https:\/\/huellasdelpasado.eu\/wp-content\/uploads\/2026\/03\/muspelheim-01-1024x683.png 1024w, https:\/\/huellasdelpasado.eu\/wp-content\/uploads\/2026\/03\/muspelheim-01-300x200.png 300w, https:\/\/huellasdelpasado.eu\/wp-content\/uploads\/2026\/03\/muspelheim-01-768x512.png 768w, https:\/\/huellasdelpasado.eu\/wp-content\/uploads\/2026\/03\/muspelheim-01-18x12.png 18w, https:\/\/huellasdelpasado.eu\/wp-content\/uploads\/2026\/03\/muspelheim-01.png 1536w\" sizes=\"auto, (max-width: 1024px) 100vw, 1024px\" \/><\/div><\/div><\/a><\/figure><\/div><\/li><li class=\"kadence-blocks-gallery-item\"><div class=\"kadence-blocks-gallery-item-inner\"><figure class=\"kb-gallery-figure kb-gallery-item-has-link kadence-blocks-gallery-item-hide-caption\"><a href=\"https:\/\/huellasdelpasado.eu\/wp-content\/uploads\/2026\/03\/venus-diosa-roma-01.png\" class=\"kb-gallery-item-link\"  ><div class=\"kb-gal-image-radius\" style=\"max-width:1024px;\"><div class=\"kb-gallery-image-contain kadence-blocks-gallery-intrinsic\" style=\"padding-bottom:66%;\"><img loading=\"lazy\" decoding=\"async\" src=\"https:\/\/huellasdelpasado.eu\/wp-content\/uploads\/2026\/03\/venus-diosa-roma-01-1024x683.png\" width=\"1024\" height=\"683\" alt=\"\" data-full-image=\"https:\/\/huellasdelpasado.eu\/wp-content\/uploads\/2026\/03\/venus-diosa-roma-01.png\" data-light-image=\"https:\/\/huellasdelpasado.eu\/wp-content\/uploads\/2026\/03\/venus-diosa-roma-01.png\" data-id=\"1285\" class=\"wp-image-1285\" srcset=\"https:\/\/huellasdelpasado.eu\/wp-content\/uploads\/2026\/03\/venus-diosa-roma-01-1024x683.png 1024w, https:\/\/huellasdelpasado.eu\/wp-content\/uploads\/2026\/03\/venus-diosa-roma-01-300x200.png 300w, https:\/\/huellasdelpasado.eu\/wp-content\/uploads\/2026\/03\/venus-diosa-roma-01-768x512.png 768w, https:\/\/huellasdelpasado.eu\/wp-content\/uploads\/2026\/03\/venus-diosa-roma-01-18x12.png 18w, https:\/\/huellasdelpasado.eu\/wp-content\/uploads\/2026\/03\/venus-diosa-roma-01.png 1536w\" sizes=\"auto, (max-width: 1024px) 100vw, 1024px\" \/><\/div><\/div><\/a><\/figure><\/div><\/li><\/ul><\/div>\n\n<style>.wp-block-kadence-spacer.kt-block-spacer-57_7b54ce-3a .kt-block-spacer{height:74px;}.wp-block-kadence-spacer.kt-block-spacer-57_7b54ce-3a .kt-divider{border-top-width:3px;height:1px;border-top-color:#d7b768;width:100%;border-top-style:solid;}<\/style>\n<div class=\"wp-block-kadence-spacer aligncenter kt-block-spacer-57_7b54ce-3a\"><div class=\"kt-block-spacer kt-block-spacer-halign-center\"><hr class=\"kt-divider\"\/><\/div><\/div>\n\n\n<style>.wp-block-kadence-advancedgallery .kb-gallery-type-masonry.kb-gallery-id-57_b1e70e-7b{margin:-5px;}.kb-gallery-type-masonry.kb-gallery-id-57_b1e70e-7b .kadence-blocks-gallery-item{padding:5px;}.kb-gallery-id-57_b1e70e-7b .kadence-blocks-gallery-item .kb-gal-image-radius, .kb-gallery-id-57_b1e70e-7b .kb-slide-item .kb-gal-image-radius img{border-radius:0px 0px 0px 0px;;}<\/style><div class=\"kb-gallery-wrap-id-57_b1e70e-7b alignnone wp-block-kadence-advancedgallery\"><ul class=\"kb-gallery-ul kb-gallery-non-static kb-gallery-type-masonry kb-masonry-init kb-gallery-id-57_b1e70e-7b kb-gallery-caption-style-bottom-hover kb-gallery-filter-none\" data-image-filter=\"none\" data-item-selector=\".kadence-blocks-gallery-item\" data-lightbox-caption=\"true\" data-columns-xxl=\"3\" data-columns-xl=\"3\" data-columns-md=\"3\" data-columns-sm=\"2\" data-columns-xs=\"1\" data-columns-ss=\"1\"><li class=\"kadence-blocks-gallery-item\"><div class=\"kadence-blocks-gallery-item-inner\"><figure class=\"kb-gallery-figure kb-gallery-item-has-link kadence-blocks-gallery-item-hide-caption\"><a href=\"https:\/\/huellasdelpasado.eu\/wp-content\/uploads\/2026\/07\/biblioteca-de-alejandria-mouseion-serapeum.png\" class=\"kb-gallery-item-link\"  ><div class=\"kb-gal-image-radius\" style=\"max-width:1024px;\"><div class=\"kb-gallery-image-contain kadence-blocks-gallery-intrinsic\" style=\"padding-bottom:66%;\"><img loading=\"lazy\" decoding=\"async\" src=\"https:\/\/huellasdelpasado.eu\/wp-content\/uploads\/2026\/07\/biblioteca-de-alejandria-mouseion-serapeum-1024x683.png\" width=\"1024\" height=\"683\" alt=\"Ilustraci\u00f3n de la antigua Biblioteca de Alejandr\u00eda.\" data-full-image=\"https:\/\/huellasdelpasado.eu\/wp-content\/uploads\/2026\/07\/biblioteca-de-alejandria-mouseion-serapeum.png\" data-light-image=\"https:\/\/huellasdelpasado.eu\/wp-content\/uploads\/2026\/07\/biblioteca-de-alejandria-mouseion-serapeum.png\" data-id=\"3013\" class=\"wp-image-3013\" srcset=\"https:\/\/huellasdelpasado.eu\/wp-content\/uploads\/2026\/07\/biblioteca-de-alejandria-mouseion-serapeum-1024x683.png 1024w, https:\/\/huellasdelpasado.eu\/wp-content\/uploads\/2026\/07\/biblioteca-de-alejandria-mouseion-serapeum-300x200.png 300w, https:\/\/huellasdelpasado.eu\/wp-content\/uploads\/2026\/07\/biblioteca-de-alejandria-mouseion-serapeum-768x512.png 768w, https:\/\/huellasdelpasado.eu\/wp-content\/uploads\/2026\/07\/biblioteca-de-alejandria-mouseion-serapeum-18x12.png 18w, https:\/\/huellasdelpasado.eu\/wp-content\/uploads\/2026\/07\/biblioteca-de-alejandria-mouseion-serapeum-1320x880.png 1320w, https:\/\/huellasdelpasado.eu\/wp-content\/uploads\/2026\/07\/biblioteca-de-alejandria-mouseion-serapeum.png 1536w\" sizes=\"auto, (max-width: 1024px) 100vw, 1024px\" \/><\/div><\/div><\/a><\/figure><\/div><\/li><li class=\"kadence-blocks-gallery-item\"><div class=\"kadence-blocks-gallery-item-inner\"><figure class=\"kb-gallery-figure kb-gallery-item-has-link kadence-blocks-gallery-item-hide-caption\"><a href=\"https:\/\/huellasdelpasado.eu\/wp-content\/uploads\/2026\/07\/fors-fortuna-junio-antigua-roma.png\" class=\"kb-gallery-item-link\"  ><div class=\"kb-gal-image-radius\" style=\"max-width:1024px;\"><div class=\"kb-gallery-image-contain kadence-blocks-gallery-intrinsic\" style=\"padding-bottom:66%;\"><img loading=\"lazy\" decoding=\"async\" src=\"https:\/\/huellasdelpasado.eu\/wp-content\/uploads\/2026\/07\/fors-fortuna-junio-antigua-roma-1024x683.png\" width=\"1024\" height=\"683\" alt=\"Fors Fortuna, una festividad celebrada en junio en la Antigua Roma.\" data-full-image=\"https:\/\/huellasdelpasado.eu\/wp-content\/uploads\/2026\/07\/fors-fortuna-junio-antigua-roma.png\" data-light-image=\"https:\/\/huellasdelpasado.eu\/wp-content\/uploads\/2026\/07\/fors-fortuna-junio-antigua-roma.png\" data-id=\"3014\" class=\"wp-image-3014\" srcset=\"https:\/\/huellasdelpasado.eu\/wp-content\/uploads\/2026\/07\/fors-fortuna-junio-antigua-roma-1024x683.png 1024w, https:\/\/huellasdelpasado.eu\/wp-content\/uploads\/2026\/07\/fors-fortuna-junio-antigua-roma-300x200.png 300w, https:\/\/huellasdelpasado.eu\/wp-content\/uploads\/2026\/07\/fors-fortuna-junio-antigua-roma-768x512.png 768w, https:\/\/huellasdelpasado.eu\/wp-content\/uploads\/2026\/07\/fors-fortuna-junio-antigua-roma-18x12.png 18w, https:\/\/huellasdelpasado.eu\/wp-content\/uploads\/2026\/07\/fors-fortuna-junio-antigua-roma-1320x880.png 1320w, https:\/\/huellasdelpasado.eu\/wp-content\/uploads\/2026\/07\/fors-fortuna-junio-antigua-roma.png 1536w\" sizes=\"auto, (max-width: 1024px) 100vw, 1024px\" \/><\/div><\/div><\/a><\/figure><\/div><\/li><li class=\"kadence-blocks-gallery-item\"><div class=\"kadence-blocks-gallery-item-inner\"><figure class=\"kb-gallery-figure kb-gallery-item-has-link kadence-blocks-gallery-item-hide-caption\"><a href=\"https:\/\/huellasdelpasado.eu\/wp-content\/uploads\/2026\/07\/ivan-kupala-2.png\" class=\"kb-gallery-item-link\"  ><div class=\"kb-gal-image-radius\" style=\"max-width:1024px;\"><div class=\"kb-gallery-image-contain kadence-blocks-gallery-intrinsic\" style=\"padding-bottom:66%;\"><img loading=\"lazy\" decoding=\"async\" src=\"https:\/\/huellasdelpasado.eu\/wp-content\/uploads\/2026\/07\/ivan-kupala-2-1024x683.png\" width=\"1024\" height=\"683\" alt=\"Iv\u00e1n Kupala, es una antigua festividad vinculada al solsticio de verano en Europa del Este.\" data-full-image=\"https:\/\/huellasdelpasado.eu\/wp-content\/uploads\/2026\/07\/ivan-kupala-2.png\" data-light-image=\"https:\/\/huellasdelpasado.eu\/wp-content\/uploads\/2026\/07\/ivan-kupala-2.png\" data-id=\"3015\" class=\"wp-image-3015\" srcset=\"https:\/\/huellasdelpasado.eu\/wp-content\/uploads\/2026\/07\/ivan-kupala-2-1024x683.png 1024w, https:\/\/huellasdelpasado.eu\/wp-content\/uploads\/2026\/07\/ivan-kupala-2-300x200.png 300w, https:\/\/huellasdelpasado.eu\/wp-content\/uploads\/2026\/07\/ivan-kupala-2-768x512.png 768w, https:\/\/huellasdelpasado.eu\/wp-content\/uploads\/2026\/07\/ivan-kupala-2-18x12.png 18w, https:\/\/huellasdelpasado.eu\/wp-content\/uploads\/2026\/07\/ivan-kupala-2-1320x880.png 1320w, https:\/\/huellasdelpasado.eu\/wp-content\/uploads\/2026\/07\/ivan-kupala-2.png 1536w\" sizes=\"auto, (max-width: 1024px) 100vw, 1024px\" \/><\/div><\/div><\/a><\/figure><\/div><\/li><\/ul><\/div>\n\n<style>.wp-block-kadence-spacer.kt-block-spacer-57_c91043-28 .kt-block-spacer{height:74px;}.wp-block-kadence-spacer.kt-block-spacer-57_c91043-28 .kt-divider{border-top-width:3px;height:1px;border-top-color:#d7b768;width:100%;border-top-style:solid;}<\/style>\n<div class=\"wp-block-kadence-spacer aligncenter kt-block-spacer-57_c91043-28\"><div class=\"kt-block-spacer kt-block-spacer-halign-center\"><hr class=\"kt-divider\"\/><\/div><\/div>\n\n\n<style>.wp-block-kadence-advancedgallery .kb-gallery-type-masonry.kb-gallery-id-57_d03afe-52{margin:-5px;}.kb-gallery-type-masonry.kb-gallery-id-57_d03afe-52 .kadence-blocks-gallery-item{padding:5px;}.kb-gallery-id-57_d03afe-52 .kadence-blocks-gallery-item .kb-gal-image-radius, .kb-gallery-id-57_d03afe-52 .kb-slide-item .kb-gal-image-radius img{border-radius:0px 0px 0px 0px;;}<\/style><div class=\"kb-gallery-wrap-id-57_d03afe-52 alignnone wp-block-kadence-advancedgallery\"><ul class=\"kb-gallery-ul kb-gallery-non-static kb-gallery-type-masonry kb-masonry-init kb-gallery-id-57_d03afe-52 kb-gallery-caption-style-bottom-hover kb-gallery-filter-none\" data-image-filter=\"none\" data-item-selector=\".kadence-blocks-gallery-item\" data-lightbox-caption=\"true\" data-columns-xxl=\"3\" data-columns-xl=\"3\" data-columns-md=\"3\" data-columns-sm=\"2\" data-columns-xs=\"1\" data-columns-ss=\"1\"><li class=\"kadence-blocks-gallery-item\"><div class=\"kadence-blocks-gallery-item-inner\"><figure class=\"kb-gallery-figure kb-gallery-item-has-link kadence-blocks-gallery-item-hide-caption\"><a href=\"https:\/\/huellasdelpasado.eu\/wp-content\/uploads\/2026\/07\/junio-antigua-roma.png\" class=\"kb-gallery-item-link\"  ><div class=\"kb-gal-image-radius\" style=\"max-width:1024px;\"><div class=\"kb-gallery-image-contain kadence-blocks-gallery-intrinsic\" style=\"padding-bottom:79%;\"><img loading=\"lazy\" decoding=\"async\" src=\"https:\/\/huellasdelpasado.eu\/wp-content\/uploads\/2026\/07\/junio-antigua-roma-1024x819.png\" width=\"1024\" height=\"819\" alt=\"Junio en la Antigua Roma.\" data-full-image=\"https:\/\/huellasdelpasado.eu\/wp-content\/uploads\/2026\/07\/junio-antigua-roma.png\" data-light-image=\"https:\/\/huellasdelpasado.eu\/wp-content\/uploads\/2026\/07\/junio-antigua-roma.png\" data-id=\"3016\" class=\"wp-image-3016\" srcset=\"https:\/\/huellasdelpasado.eu\/wp-content\/uploads\/2026\/07\/junio-antigua-roma-1024x819.png 1024w, https:\/\/huellasdelpasado.eu\/wp-content\/uploads\/2026\/07\/junio-antigua-roma-300x240.png 300w, https:\/\/huellasdelpasado.eu\/wp-content\/uploads\/2026\/07\/junio-antigua-roma-768x615.png 768w, https:\/\/huellasdelpasado.eu\/wp-content\/uploads\/2026\/07\/junio-antigua-roma-15x12.png 15w, https:\/\/huellasdelpasado.eu\/wp-content\/uploads\/2026\/07\/junio-antigua-roma-1320x1056.png 1320w, https:\/\/huellasdelpasado.eu\/wp-content\/uploads\/2026\/07\/junio-antigua-roma.png 1402w\" sizes=\"auto, (max-width: 1024px) 100vw, 1024px\" \/><\/div><\/div><\/a><\/figure><\/div><\/li><li class=\"kadence-blocks-gallery-item\"><div class=\"kadence-blocks-gallery-item-inner\"><figure class=\"kb-gallery-figure kb-gallery-item-has-link kadence-blocks-gallery-item-hide-caption\"><a href=\"https:\/\/huellasdelpasado.eu\/wp-content\/uploads\/2026\/07\/sirena-romantica.png\" class=\"kb-gallery-item-link\"  ><div class=\"kb-gal-image-radius\" style=\"max-width:1024px;\"><div class=\"kb-gallery-image-contain kadence-blocks-gallery-intrinsic\" style=\"padding-bottom:66%;\"><img loading=\"lazy\" decoding=\"async\" src=\"https:\/\/huellasdelpasado.eu\/wp-content\/uploads\/2026\/07\/sirena-romantica-1024x683.png\" width=\"1024\" height=\"683\" alt=\"Las sirenas, mitad mujeres y mitad pez\" data-full-image=\"https:\/\/huellasdelpasado.eu\/wp-content\/uploads\/2026\/07\/sirena-romantica.png\" data-light-image=\"https:\/\/huellasdelpasado.eu\/wp-content\/uploads\/2026\/07\/sirena-romantica.png\" data-id=\"3017\" class=\"wp-image-3017\" srcset=\"https:\/\/huellasdelpasado.eu\/wp-content\/uploads\/2026\/07\/sirena-romantica-1024x683.png 1024w, https:\/\/huellasdelpasado.eu\/wp-content\/uploads\/2026\/07\/sirena-romantica-300x200.png 300w, https:\/\/huellasdelpasado.eu\/wp-content\/uploads\/2026\/07\/sirena-romantica-768x512.png 768w, https:\/\/huellasdelpasado.eu\/wp-content\/uploads\/2026\/07\/sirena-romantica-18x12.png 18w, https:\/\/huellasdelpasado.eu\/wp-content\/uploads\/2026\/07\/sirena-romantica-1320x880.png 1320w, https:\/\/huellasdelpasado.eu\/wp-content\/uploads\/2026\/07\/sirena-romantica.png 1536w\" sizes=\"auto, (max-width: 1024px) 100vw, 1024px\" \/><\/div><\/div><\/a><\/figure><\/div><\/li><li class=\"kadence-blocks-gallery-item\"><div class=\"kadence-blocks-gallery-item-inner\"><figure class=\"kb-gallery-figure kb-gallery-item-has-link kadence-blocks-gallery-item-hide-caption\"><a href=\"https:\/\/huellasdelpasado.eu\/wp-content\/uploads\/2026\/07\/noche-de-walpurgis-monte-brocken.png\" class=\"kb-gallery-item-link\"  ><div class=\"kb-gal-image-radius\" style=\"max-width:683px;\"><div class=\"kb-gallery-image-contain kadence-blocks-gallery-intrinsic\" style=\"padding-bottom:149%;\"><img loading=\"lazy\" decoding=\"async\" src=\"https:\/\/huellasdelpasado.eu\/wp-content\/uploads\/2026\/07\/noche-de-walpurgis-monte-brocken-683x1024.png\" width=\"683\" height=\"1024\" alt=\"La Noche de Walpurgis, es una festividad asociada al fuego y posteriormente a las brujas, en el monte Brocken en Alemania.\" data-full-image=\"https:\/\/huellasdelpasado.eu\/wp-content\/uploads\/2026\/07\/noche-de-walpurgis-monte-brocken.png\" data-light-image=\"https:\/\/huellasdelpasado.eu\/wp-content\/uploads\/2026\/07\/noche-de-walpurgis-monte-brocken.png\" data-id=\"3018\" class=\"wp-image-3018\" srcset=\"https:\/\/huellasdelpasado.eu\/wp-content\/uploads\/2026\/07\/noche-de-walpurgis-monte-brocken-683x1024.png 683w, https:\/\/huellasdelpasado.eu\/wp-content\/uploads\/2026\/07\/noche-de-walpurgis-monte-brocken-200x300.png 200w, https:\/\/huellasdelpasado.eu\/wp-content\/uploads\/2026\/07\/noche-de-walpurgis-monte-brocken-768x1152.png 768w, https:\/\/huellasdelpasado.eu\/wp-content\/uploads\/2026\/07\/noche-de-walpurgis-monte-brocken-8x12.png 8w, https:\/\/huellasdelpasado.eu\/wp-content\/uploads\/2026\/07\/noche-de-walpurgis-monte-brocken.png 1024w\" sizes=\"auto, (max-width: 683px) 100vw, 683px\" \/><\/div><\/div><\/a><\/figure><\/div><\/li><\/ul><\/div>\n\n<style>.wp-block-kadence-spacer.kt-block-spacer-57_24a2c9-88 .kt-block-spacer{height:74px;}.wp-block-kadence-spacer.kt-block-spacer-57_24a2c9-88 .kt-divider{border-top-width:3px;height:1px;border-top-color:#d7b768;width:100%;border-top-style:solid;}<\/style>\n<div class=\"wp-block-kadence-spacer aligncenter kt-block-spacer-57_24a2c9-88\"><div class=\"kt-block-spacer kt-block-spacer-halign-center\"><hr class=\"kt-divider\"\/><\/div><\/div>\n\n\n<style>.wp-block-kadence-advancedgallery .kb-gallery-type-masonry.kb-gallery-id-57_a90984-19{margin:-5px;}.kb-gallery-type-masonry.kb-gallery-id-57_a90984-19 .kadence-blocks-gallery-item{padding:5px;}.kb-gallery-id-57_a90984-19 .kadence-blocks-gallery-item .kb-gal-image-radius, .kb-gallery-id-57_a90984-19 .kb-slide-item .kb-gal-image-radius img{border-radius:0px 0px 0px 0px;;}<\/style><div class=\"kb-gallery-wrap-id-57_a90984-19 alignnone wp-block-kadence-advancedgallery\"><ul class=\"kb-gallery-ul kb-gallery-non-static kb-gallery-type-masonry kb-masonry-init kb-gallery-id-57_a90984-19 kb-gallery-caption-style-bottom-hover kb-gallery-filter-none\" data-image-filter=\"none\" data-item-selector=\".kadence-blocks-gallery-item\" data-lightbox-caption=\"true\" data-columns-xxl=\"3\" data-columns-xl=\"3\" data-columns-md=\"3\" data-columns-sm=\"2\" data-columns-xs=\"1\" data-columns-ss=\"1\"><li class=\"kadence-blocks-gallery-item\"><div class=\"kadence-blocks-gallery-item-inner\"><figure class=\"kb-gallery-figure kb-gallery-item-has-link kadence-blocks-gallery-item-hide-caption\"><a href=\"https:\/\/huellasdelpasado.eu\/wp-content\/uploads\/2026\/07\/july-antigua-roma.png\" class=\"kb-gallery-item-link\"  ><div class=\"kb-gal-image-radius\" style=\"max-width:1024px;\"><div class=\"kb-gallery-image-contain kadence-blocks-gallery-intrinsic\" style=\"padding-bottom:66%;\"><img loading=\"lazy\" decoding=\"async\" src=\"https:\/\/huellasdelpasado.eu\/wp-content\/uploads\/2026\/07\/july-antigua-roma-1024x683.png\" width=\"1024\" height=\"683\" alt=\"Julio en la Antigua Roma.\" data-full-image=\"https:\/\/huellasdelpasado.eu\/wp-content\/uploads\/2026\/07\/july-antigua-roma.png\" data-light-image=\"https:\/\/huellasdelpasado.eu\/wp-content\/uploads\/2026\/07\/july-antigua-roma.png\" data-id=\"3019\" class=\"wp-image-3019\" srcset=\"https:\/\/huellasdelpasado.eu\/wp-content\/uploads\/2026\/07\/july-antigua-roma-1024x683.png 1024w, https:\/\/huellasdelpasado.eu\/wp-content\/uploads\/2026\/07\/july-antigua-roma-300x200.png 300w, https:\/\/huellasdelpasado.eu\/wp-content\/uploads\/2026\/07\/july-antigua-roma-768x512.png 768w, https:\/\/huellasdelpasado.eu\/wp-content\/uploads\/2026\/07\/july-antigua-roma-18x12.png 18w, https:\/\/huellasdelpasado.eu\/wp-content\/uploads\/2026\/07\/july-antigua-roma-1320x880.png 1320w, https:\/\/huellasdelpasado.eu\/wp-content\/uploads\/2026\/07\/july-antigua-roma.png 1536w\" sizes=\"auto, (max-width: 1024px) 100vw, 1024px\" \/><\/div><\/div><\/a><\/figure><\/div><\/li><li class=\"kadence-blocks-gallery-item\"><div class=\"kadence-blocks-gallery-item-inner\"><figure class=\"kb-gallery-figure kb-gallery-item-has-link kadence-blocks-gallery-item-hide-caption\"><a href=\"https:\/\/huellasdelpasado.eu\/wp-content\/uploads\/2026\/07\/ruinas-serapeum.png\" class=\"kb-gallery-item-link\"  ><div class=\"kb-gal-image-radius\" style=\"max-width:1024px;\"><div class=\"kb-gallery-image-contain kadence-blocks-gallery-intrinsic\" style=\"padding-bottom:66%;\"><img loading=\"lazy\" decoding=\"async\" src=\"https:\/\/huellasdelpasado.eu\/wp-content\/uploads\/2026\/07\/ruinas-serapeum-1024x683.png\" width=\"1024\" height=\"683\" alt=\"Ruinas del Serapeum en la actualidad. Formaba parte del conocimiento de la Biblioteca de ALejandr\u00eda.\" data-full-image=\"https:\/\/huellasdelpasado.eu\/wp-content\/uploads\/2026\/07\/ruinas-serapeum.png\" data-light-image=\"https:\/\/huellasdelpasado.eu\/wp-content\/uploads\/2026\/07\/ruinas-serapeum.png\" data-id=\"3021\" class=\"wp-image-3021\" srcset=\"https:\/\/huellasdelpasado.eu\/wp-content\/uploads\/2026\/07\/ruinas-serapeum-1024x683.png 1024w, https:\/\/huellasdelpasado.eu\/wp-content\/uploads\/2026\/07\/ruinas-serapeum-300x200.png 300w, https:\/\/huellasdelpasado.eu\/wp-content\/uploads\/2026\/07\/ruinas-serapeum-768x512.png 768w, https:\/\/huellasdelpasado.eu\/wp-content\/uploads\/2026\/07\/ruinas-serapeum-18x12.png 18w, https:\/\/huellasdelpasado.eu\/wp-content\/uploads\/2026\/07\/ruinas-serapeum-1320x880.png 1320w, https:\/\/huellasdelpasado.eu\/wp-content\/uploads\/2026\/07\/ruinas-serapeum.png 1536w\" sizes=\"auto, (max-width: 1024px) 100vw, 1024px\" \/><\/div><\/div><\/a><\/figure><\/div><\/li><li class=\"kadence-blocks-gallery-item\"><div class=\"kadence-blocks-gallery-item-inner\"><figure class=\"kb-gallery-figure kb-gallery-item-has-link kadence-blocks-gallery-item-hide-caption\"><a href=\"https:\/\/huellasdelpasado.eu\/wp-content\/uploads\/2026\/07\/vestalia-junio-antigua-roma.png\" class=\"kb-gallery-item-link\"  ><div class=\"kb-gal-image-radius\" style=\"max-width:1024px;\"><div class=\"kb-gallery-image-contain kadence-blocks-gallery-intrinsic\" style=\"padding-bottom:66%;\"><img loading=\"lazy\" decoding=\"async\" src=\"https:\/\/huellasdelpasado.eu\/wp-content\/uploads\/2026\/07\/vestalia-junio-antigua-roma-1024x683.png\" width=\"1024\" height=\"683\" alt=\"Las Vestalia en su templo, una festividad del mes de junio en la Antigua Roma.\" data-full-image=\"https:\/\/huellasdelpasado.eu\/wp-content\/uploads\/2026\/07\/vestalia-junio-antigua-roma.png\" data-light-image=\"https:\/\/huellasdelpasado.eu\/wp-content\/uploads\/2026\/07\/vestalia-junio-antigua-roma.png\" data-id=\"3020\" class=\"wp-image-3020\" srcset=\"https:\/\/huellasdelpasado.eu\/wp-content\/uploads\/2026\/07\/vestalia-junio-antigua-roma-1024x683.png 1024w, https:\/\/huellasdelpasado.eu\/wp-content\/uploads\/2026\/07\/vestalia-junio-antigua-roma-300x200.png 300w, https:\/\/huellasdelpasado.eu\/wp-content\/uploads\/2026\/07\/vestalia-junio-antigua-roma-768x512.png 768w, https:\/\/huellasdelpasado.eu\/wp-content\/uploads\/2026\/07\/vestalia-junio-antigua-roma-18x12.png 18w, https:\/\/huellasdelpasado.eu\/wp-content\/uploads\/2026\/07\/vestalia-junio-antigua-roma-1320x880.png 1320w, https:\/\/huellasdelpasado.eu\/wp-content\/uploads\/2026\/07\/vestalia-junio-antigua-roma.png 1536w\" sizes=\"auto, (max-width: 1024px) 100vw, 1024px\" \/><\/div><\/div><\/a><\/figure><\/div><\/li><\/ul><\/div>\n\n<style>.wp-block-kadence-spacer.kt-block-spacer-57_502be4-d7 .kt-block-spacer{height:74px;}.wp-block-kadence-spacer.kt-block-spacer-57_502be4-d7 .kt-divider{border-top-width:3px;height:1px;border-top-color:#d7b768;width:100%;border-top-style:solid;}<\/style>\n<div class=\"wp-block-kadence-spacer aligncenter kt-block-spacer-57_502be4-d7\"><div class=\"kt-block-spacer kt-block-spacer-halign-center\"><hr class=\"kt-divider\"\/><\/div><\/div>\n\n\n<style>.wp-block-kadence-advancedgallery .kb-gallery-type-masonry.kb-gallery-id-57_30ab78-59{margin:-5px;}.kb-gallery-type-masonry.kb-gallery-id-57_30ab78-59 .kadence-blocks-gallery-item{padding:5px;}.kb-gallery-id-57_30ab78-59 .kadence-blocks-gallery-item .kb-gal-image-radius, .kb-gallery-id-57_30ab78-59 .kb-slide-item .kb-gal-image-radius img{border-radius:0px 0px 0px 0px;;}<\/style><div class=\"kb-gallery-wrap-id-57_30ab78-59 alignnone wp-block-kadence-advancedgallery\"><ul class=\"kb-gallery-ul kb-gallery-non-static kb-gallery-type-masonry kb-masonry-init kb-gallery-id-57_30ab78-59 kb-gallery-caption-style-bottom-hover kb-gallery-filter-none\" data-image-filter=\"none\" data-item-selector=\".kadence-blocks-gallery-item\" data-lightbox-caption=\"true\" data-columns-xxl=\"3\" data-columns-xl=\"3\" data-columns-md=\"3\" data-columns-sm=\"2\" data-columns-xs=\"1\" data-columns-ss=\"1\"><li class=\"kadence-blocks-gallery-item\"><div class=\"kadence-blocks-gallery-item-inner\"><figure class=\"kb-gallery-figure kb-gallery-item-has-link kadence-blocks-gallery-item-hide-caption\"><a href=\"https:\/\/huellasdelpasado.eu\/wp-content\/uploads\/2026\/07\/lucaria-julio-antigua-roma.png\" class=\"kb-gallery-item-link\"  ><div class=\"kb-gal-image-radius\" style=\"max-width:1024px;\"><div class=\"kb-gallery-image-contain kadence-blocks-gallery-intrinsic\" style=\"padding-bottom:66%;\"><img loading=\"lazy\" decoding=\"async\" src=\"https:\/\/huellasdelpasado.eu\/wp-content\/uploads\/2026\/07\/lucaria-julio-antigua-roma-1024x683.png\" width=\"1024\" height=\"683\" alt=\"Lucaria, festividad de julio de la Antigua Roma\" data-full-image=\"https:\/\/huellasdelpasado.eu\/wp-content\/uploads\/2026\/07\/lucaria-julio-antigua-roma.png\" data-light-image=\"https:\/\/huellasdelpasado.eu\/wp-content\/uploads\/2026\/07\/lucaria-julio-antigua-roma.png\" data-id=\"3023\" class=\"wp-image-3023\" srcset=\"https:\/\/huellasdelpasado.eu\/wp-content\/uploads\/2026\/07\/lucaria-julio-antigua-roma-1024x683.png 1024w, https:\/\/huellasdelpasado.eu\/wp-content\/uploads\/2026\/07\/lucaria-julio-antigua-roma-300x200.png 300w, https:\/\/huellasdelpasado.eu\/wp-content\/uploads\/2026\/07\/lucaria-julio-antigua-roma-768x512.png 768w, https:\/\/huellasdelpasado.eu\/wp-content\/uploads\/2026\/07\/lucaria-julio-antigua-roma-18x12.png 18w, https:\/\/huellasdelpasado.eu\/wp-content\/uploads\/2026\/07\/lucaria-julio-antigua-roma-1320x880.png 1320w, https:\/\/huellasdelpasado.eu\/wp-content\/uploads\/2026\/07\/lucaria-julio-antigua-roma.png 1536w\" sizes=\"auto, (max-width: 1024px) 100vw, 1024px\" \/><\/div><\/div><\/a><\/figure><\/div><\/li><li class=\"kadence-blocks-gallery-item\"><div class=\"kadence-blocks-gallery-item-inner\"><figure class=\"kb-gallery-figure kb-gallery-item-has-link kadence-blocks-gallery-item-hide-caption\"><a href=\"https:\/\/huellasdelpasado.eu\/wp-content\/uploads\/2026\/07\/penelope-itaca-la-odisea.png\" class=\"kb-gallery-item-link\"  ><div class=\"kb-gal-image-radius\" style=\"max-width:1024px;\"><div class=\"kb-gallery-image-contain kadence-blocks-gallery-intrinsic\" style=\"padding-bottom:66%;\"><img loading=\"lazy\" decoding=\"async\" src=\"https:\/\/huellasdelpasado.eu\/wp-content\/uploads\/2026\/07\/penelope-itaca-la-odisea-1024x683.png\" width=\"1024\" height=\"683\" alt=\"Penelope, esposa de Odiseo, en \u00cdtaca de La Odisea de Homero\" data-full-image=\"https:\/\/huellasdelpasado.eu\/wp-content\/uploads\/2026\/07\/penelope-itaca-la-odisea.png\" data-light-image=\"https:\/\/huellasdelpasado.eu\/wp-content\/uploads\/2026\/07\/penelope-itaca-la-odisea.png\" data-id=\"3022\" class=\"wp-image-3022\" srcset=\"https:\/\/huellasdelpasado.eu\/wp-content\/uploads\/2026\/07\/penelope-itaca-la-odisea-1024x683.png 1024w, https:\/\/huellasdelpasado.eu\/wp-content\/uploads\/2026\/07\/penelope-itaca-la-odisea-300x200.png 300w, https:\/\/huellasdelpasado.eu\/wp-content\/uploads\/2026\/07\/penelope-itaca-la-odisea-768x512.png 768w, https:\/\/huellasdelpasado.eu\/wp-content\/uploads\/2026\/07\/penelope-itaca-la-odisea-18x12.png 18w, https:\/\/huellasdelpasado.eu\/wp-content\/uploads\/2026\/07\/penelope-itaca-la-odisea-1320x880.png 1320w, https:\/\/huellasdelpasado.eu\/wp-content\/uploads\/2026\/07\/penelope-itaca-la-odisea.png 1536w\" sizes=\"auto, (max-width: 1024px) 100vw, 1024px\" \/><\/div><\/div><\/a><\/figure><\/div><\/li><li class=\"kadence-blocks-gallery-item\"><div class=\"kadence-blocks-gallery-item-inner\"><figure class=\"kb-gallery-figure kb-gallery-item-has-link kadence-blocks-gallery-item-hide-caption\"><a href=\"https:\/\/huellasdelpasado.eu\/wp-content\/uploads\/2026\/07\/mapa-las-siete-colinas-y-inicio-roma.png\" class=\"kb-gallery-item-link\"  ><div class=\"kb-gal-image-radius\" style=\"max-width:1024px;\"><div class=\"kb-gallery-image-contain kadence-blocks-gallery-intrinsic\" style=\"padding-bottom:66%;\"><img loading=\"lazy\" decoding=\"async\" src=\"https:\/\/huellasdelpasado.eu\/wp-content\/uploads\/2026\/07\/mapa-las-siete-colinas-y-inicio-roma-1024x683.png\" width=\"1024\" height=\"683\" alt=\"Ilustraci\u00f3n del mapa de las Siete Colinas de Roma en su fundaci\u00f3n.\" data-full-image=\"https:\/\/huellasdelpasado.eu\/wp-content\/uploads\/2026\/07\/mapa-las-siete-colinas-y-inicio-roma.png\" data-light-image=\"https:\/\/huellasdelpasado.eu\/wp-content\/uploads\/2026\/07\/mapa-las-siete-colinas-y-inicio-roma.png\" data-id=\"3024\" class=\"wp-image-3024\" srcset=\"https:\/\/huellasdelpasado.eu\/wp-content\/uploads\/2026\/07\/mapa-las-siete-colinas-y-inicio-roma-1024x683.png 1024w, https:\/\/huellasdelpasado.eu\/wp-content\/uploads\/2026\/07\/mapa-las-siete-colinas-y-inicio-roma-300x200.png 300w, https:\/\/huellasdelpasado.eu\/wp-content\/uploads\/2026\/07\/mapa-las-siete-colinas-y-inicio-roma-768x512.png 768w, https:\/\/huellasdelpasado.eu\/wp-content\/uploads\/2026\/07\/mapa-las-siete-colinas-y-inicio-roma-18x12.png 18w, https:\/\/huellasdelpasado.eu\/wp-content\/uploads\/2026\/07\/mapa-las-siete-colinas-y-inicio-roma-1320x880.png 1320w, https:\/\/huellasdelpasado.eu\/wp-content\/uploads\/2026\/07\/mapa-las-siete-colinas-y-inicio-roma.png 1536w\" sizes=\"auto, (max-width: 1024px) 100vw, 1024px\" \/><\/div><\/div><\/a><\/figure><\/div><\/li><\/ul><\/div>\n\n<style>.wp-block-kadence-spacer.kt-block-spacer-57_cf242c-b2 .kt-block-spacer{height:74px;}.wp-block-kadence-spacer.kt-block-spacer-57_cf242c-b2 .kt-divider{border-top-width:3px;height:1px;border-top-color:#d7b768;width:100%;border-top-style:solid;}<\/style>\n<div class=\"wp-block-kadence-spacer aligncenter kt-block-spacer-57_cf242c-b2\"><div class=\"kt-block-spacer kt-block-spacer-halign-center\"><hr class=\"kt-divider\"\/><\/div><\/div>\n\n\n<style>.wp-block-kadence-advancedgallery .kb-gallery-type-masonry.kb-gallery-id-57_8366c8-29{margin:-5px;}.kb-gallery-type-masonry.kb-gallery-id-57_8366c8-29 .kadence-blocks-gallery-item{padding:5px;}.kb-gallery-id-57_8366c8-29 .kadence-blocks-gallery-item .kb-gal-image-radius, .kb-gallery-id-57_8366c8-29 .kb-slide-item .kb-gal-image-radius img{border-radius:0px 0px 0px 0px;;}<\/style><div class=\"kb-gallery-wrap-id-57_8366c8-29 alignnone wp-block-kadence-advancedgallery\"><ul class=\"kb-gallery-ul kb-gallery-non-static kb-gallery-type-masonry kb-masonry-init kb-gallery-id-57_8366c8-29 kb-gallery-caption-style-bottom-hover kb-gallery-filter-none\" data-image-filter=\"none\" data-item-selector=\".kadence-blocks-gallery-item\" data-lightbox-caption=\"true\" data-columns-xxl=\"3\" data-columns-xl=\"3\" data-columns-md=\"3\" data-columns-sm=\"2\" data-columns-xs=\"1\" data-columns-ss=\"1\"><li class=\"kadence-blocks-gallery-item\" tabindex=\"0\"><div class=\"kadence-blocks-gallery-item-inner\"><figure class=\"kb-gallery-figure kadence-blocks-gallery-item-hide-caption\"><div class=\"kb-gal-image-radius\" style=\"max-width:1024px;\"><div class=\"kb-gallery-image-contain kadence-blocks-gallery-intrinsic\" style=\"padding-bottom:66%;\"><img loading=\"lazy\" decoding=\"async\" src=\"https:\/\/huellasdelpasado.eu\/wp-content\/uploads\/2026\/08\/normandia-1024x683.png\" width=\"1024\" height=\"683\" alt=\"Llegada de los vikingos y el nacimiento de Normand\u00eda.\" data-full-image=\"https:\/\/huellasdelpasado.eu\/wp-content\/uploads\/2026\/08\/normandia.png\" data-light-image=\"https:\/\/huellasdelpasado.eu\/wp-content\/uploads\/2026\/08\/normandia.png\" data-id=\"3387\" class=\"wp-image-3387\" srcset=\"https:\/\/huellasdelpasado.eu\/wp-content\/uploads\/2026\/08\/normandia-1024x683.png 1024w, https:\/\/huellasdelpasado.eu\/wp-content\/uploads\/2026\/08\/normandia-300x200.png 300w, https:\/\/huellasdelpasado.eu\/wp-content\/uploads\/2026\/08\/normandia-768x512.png 768w, https:\/\/huellasdelpasado.eu\/wp-content\/uploads\/2026\/08\/normandia-18x12.png 18w, https:\/\/huellasdelpasado.eu\/wp-content\/uploads\/2026\/08\/normandia-1320x880.png 1320w, https:\/\/huellasdelpasado.eu\/wp-content\/uploads\/2026\/08\/normandia.png 1536w\" sizes=\"auto, (max-width: 1024px) 100vw, 1024px\" \/><\/div><\/div><\/figure><\/div><\/li><li class=\"kadence-blocks-gallery-item\" tabindex=\"0\"><div class=\"kadence-blocks-gallery-item-inner\"><figure class=\"kb-gallery-figure kadence-blocks-gallery-item-hide-caption\"><div class=\"kb-gal-image-radius\" style=\"max-width:1024px;\"><div class=\"kb-gallery-image-contain kadence-blocks-gallery-intrinsic\" style=\"padding-bottom:66%;\"><img loading=\"lazy\" decoding=\"async\" src=\"https:\/\/huellasdelpasado.eu\/wp-content\/uploads\/2026\/08\/julio-cesar-alesia-1024x683.png\" width=\"1024\" height=\"683\" alt=\"Julio C\u00e9sar, el hombre que conquist\u00f3 la Galia, que instaur\u00f3 un nuevo sistema en Roma y cambi\u00f3 calendario que conocemos, antes de convertirse en dios.\" data-full-image=\"https:\/\/huellasdelpasado.eu\/wp-content\/uploads\/2026\/08\/julio-cesar-alesia.png\" data-light-image=\"https:\/\/huellasdelpasado.eu\/wp-content\/uploads\/2026\/08\/julio-cesar-alesia.png\" data-id=\"3386\" class=\"wp-image-3386\" srcset=\"https:\/\/huellasdelpasado.eu\/wp-content\/uploads\/2026\/08\/julio-cesar-alesia-1024x683.png 1024w, https:\/\/huellasdelpasado.eu\/wp-content\/uploads\/2026\/08\/julio-cesar-alesia-300x200.png 300w, https:\/\/huellasdelpasado.eu\/wp-content\/uploads\/2026\/08\/julio-cesar-alesia-768x512.png 768w, https:\/\/huellasdelpasado.eu\/wp-content\/uploads\/2026\/08\/julio-cesar-alesia-18x12.png 18w, https:\/\/huellasdelpasado.eu\/wp-content\/uploads\/2026\/08\/julio-cesar-alesia-1320x880.png 1320w, https:\/\/huellasdelpasado.eu\/wp-content\/uploads\/2026\/08\/julio-cesar-alesia.png 1536w\" sizes=\"auto, (max-width: 1024px) 100vw, 1024px\" \/><\/div><\/div><\/figure><\/div><\/li><li class=\"kadence-blocks-gallery-item\" tabindex=\"0\"><div class=\"kadence-blocks-gallery-item-inner\"><figure class=\"kb-gallery-figure kadence-blocks-gallery-item-hide-caption\"><div class=\"kb-gal-image-radius\" style=\"max-width:1024px;\"><div class=\"kb-gallery-image-contain kadence-blocks-gallery-intrinsic\" style=\"padding-bottom:66%;\"><img loading=\"lazy\" decoding=\"async\" src=\"https:\/\/huellasdelpasado.eu\/wp-content\/uploads\/2026\/08\/barco-pirata-1024x683.png\" width=\"1024\" height=\"683\" alt=\"Nacimiento, origen y mito de los piratas.\" data-full-image=\"https:\/\/huellasdelpasado.eu\/wp-content\/uploads\/2026\/08\/barco-pirata.png\" data-light-image=\"https:\/\/huellasdelpasado.eu\/wp-content\/uploads\/2026\/08\/barco-pirata.png\" data-id=\"3388\" class=\"wp-image-3388\" srcset=\"https:\/\/huellasdelpasado.eu\/wp-content\/uploads\/2026\/08\/barco-pirata-1024x683.png 1024w, https:\/\/huellasdelpasado.eu\/wp-content\/uploads\/2026\/08\/barco-pirata-300x200.png 300w, https:\/\/huellasdelpasado.eu\/wp-content\/uploads\/2026\/08\/barco-pirata-768x512.png 768w, https:\/\/huellasdelpasado.eu\/wp-content\/uploads\/2026\/08\/barco-pirata-18x12.png 18w, https:\/\/huellasdelpasado.eu\/wp-content\/uploads\/2026\/08\/barco-pirata-1320x880.png 1320w, https:\/\/huellasdelpasado.eu\/wp-content\/uploads\/2026\/08\/barco-pirata.png 1536w\" sizes=\"auto, (max-width: 1024px) 100vw, 1024px\" \/><\/div><\/div><\/figure><\/div><\/li><\/ul><\/div>\n\n<style>.wp-block-kadence-spacer.kt-block-spacer-57_850055-39 .kt-block-spacer{height:74px;}.wp-block-kadence-spacer.kt-block-spacer-57_850055-39 .kt-divider{border-top-width:3px;height:1px;border-top-color:#d7b768;width:100%;border-top-style:solid;}<\/style>\n<div class=\"wp-block-kadence-spacer aligncenter kt-block-spacer-57_850055-39\"><div class=\"kt-block-spacer kt-block-spacer-halign-center\"><hr class=\"kt-divider\"\/><\/div><\/div>\n\n\n<style>.wp-block-kadence-advancedgallery .kb-gallery-type-masonry.kb-gallery-id-57_a18a66-ec{margin:-5px;}.kb-gallery-type-masonry.kb-gallery-id-57_a18a66-ec .kadence-blocks-gallery-item{padding:5px;}.kb-gallery-id-57_a18a66-ec .kadence-blocks-gallery-item .kb-gal-image-radius, .kb-gallery-id-57_a18a66-ec .kb-slide-item .kb-gal-image-radius img{border-radius:0px 0px 0px 0px;;}<\/style><div class=\"kb-gallery-wrap-id-57_a18a66-ec alignnone wp-block-kadence-advancedgallery\"><ul class=\"kb-gallery-ul kb-gallery-non-static kb-gallery-type-masonry kb-masonry-init kb-gallery-id-57_a18a66-ec kb-gallery-caption-style-bottom-hover kb-gallery-filter-none\" data-image-filter=\"none\" data-item-selector=\".kadence-blocks-gallery-item\" data-lightbox-caption=\"true\" data-columns-xxl=\"3\" data-columns-xl=\"3\" data-columns-md=\"3\" data-columns-sm=\"2\" data-columns-xs=\"1\" data-columns-ss=\"1\"><li class=\"kadence-blocks-gallery-item\" tabindex=\"0\"><div class=\"kadence-blocks-gallery-item-inner\"><figure class=\"kb-gallery-figure kadence-blocks-gallery-item-hide-caption\"><div class=\"kb-gal-image-radius\" style=\"max-width:1024px;\"><div class=\"kb-gallery-image-contain kadence-blocks-gallery-intrinsic\" style=\"padding-bottom:66%;\"><img loading=\"lazy\" decoding=\"async\" src=\"https:\/\/huellasdelpasado.eu\/wp-content\/uploads\/2026\/08\/avalon-01-1024x683.png\" width=\"1024\" height=\"683\" alt=\"Avalon, la isla de la mitolog\u00eda celta, lugar de descanso del rey Arturo.\" data-full-image=\"https:\/\/huellasdelpasado.eu\/wp-content\/uploads\/2026\/08\/avalon-01.png\" data-light-image=\"https:\/\/huellasdelpasado.eu\/wp-content\/uploads\/2026\/08\/avalon-01.png\" data-id=\"3392\" class=\"wp-image-3392\" srcset=\"https:\/\/huellasdelpasado.eu\/wp-content\/uploads\/2026\/08\/avalon-01-1024x683.png 1024w, https:\/\/huellasdelpasado.eu\/wp-content\/uploads\/2026\/08\/avalon-01-300x200.png 300w, https:\/\/huellasdelpasado.eu\/wp-content\/uploads\/2026\/08\/avalon-01-768x512.png 768w, https:\/\/huellasdelpasado.eu\/wp-content\/uploads\/2026\/08\/avalon-01-18x12.png 18w, https:\/\/huellasdelpasado.eu\/wp-content\/uploads\/2026\/08\/avalon-01-1320x880.png 1320w, https:\/\/huellasdelpasado.eu\/wp-content\/uploads\/2026\/08\/avalon-01.png 1536w\" sizes=\"auto, (max-width: 1024px) 100vw, 1024px\" \/><\/div><\/div><\/figure><\/div><\/li><li class=\"kadence-blocks-gallery-item\" tabindex=\"0\"><div class=\"kadence-blocks-gallery-item-inner\"><figure class=\"kb-gallery-figure kadence-blocks-gallery-item-hide-caption\"><div class=\"kb-gal-image-radius\" style=\"max-width:1024px;\"><div class=\"kb-gallery-image-contain kadence-blocks-gallery-intrinsic\" style=\"padding-bottom:66%;\"><img loading=\"lazy\" decoding=\"async\" src=\"https:\/\/huellasdelpasado.eu\/wp-content\/uploads\/2026\/08\/leonardo-1024x683.png\" width=\"1024\" height=\"683\" alt=\"Leonardo Da Vinci, un genio adelantado a su tiempo,\" data-full-image=\"https:\/\/huellasdelpasado.eu\/wp-content\/uploads\/2026\/08\/leonardo.png\" data-light-image=\"https:\/\/huellasdelpasado.eu\/wp-content\/uploads\/2026\/08\/leonardo.png\" data-id=\"3390\" class=\"wp-image-3390\" srcset=\"https:\/\/huellasdelpasado.eu\/wp-content\/uploads\/2026\/08\/leonardo-1024x683.png 1024w, https:\/\/huellasdelpasado.eu\/wp-content\/uploads\/2026\/08\/leonardo-300x200.png 300w, https:\/\/huellasdelpasado.eu\/wp-content\/uploads\/2026\/08\/leonardo-768x512.png 768w, https:\/\/huellasdelpasado.eu\/wp-content\/uploads\/2026\/08\/leonardo-18x12.png 18w, https:\/\/huellasdelpasado.eu\/wp-content\/uploads\/2026\/08\/leonardo-1320x880.png 1320w, https:\/\/huellasdelpasado.eu\/wp-content\/uploads\/2026\/08\/leonardo.png 1536w\" sizes=\"auto, (max-width: 1024px) 100vw, 1024px\" \/><\/div><\/div><\/figure><\/div><\/li><li class=\"kadence-blocks-gallery-item\" tabindex=\"0\"><div class=\"kadence-blocks-gallery-item-inner\"><figure class=\"kb-gallery-figure kadence-blocks-gallery-item-hide-caption\"><div class=\"kb-gal-image-radius\" style=\"max-width:1024px;\"><div class=\"kb-gallery-image-contain kadence-blocks-gallery-intrinsic\" style=\"padding-bottom:66%;\"><img loading=\"lazy\" decoding=\"async\" src=\"https:\/\/huellasdelpasado.eu\/wp-content\/uploads\/2026\/08\/hy-brasil-1024x683.png\" width=\"1024\" height=\"683\" alt=\"La isla que aparec\u00eda y desaparec\u00eda, seg\u00fan la tradici\u00f3n era visible cada siete a\u00f1os seg\u00fan la mitolog\u00eda celta.\" data-full-image=\"https:\/\/huellasdelpasado.eu\/wp-content\/uploads\/2026\/08\/hy-brasil.png\" data-light-image=\"https:\/\/huellasdelpasado.eu\/wp-content\/uploads\/2026\/08\/hy-brasil.png\" data-id=\"3393\" class=\"wp-image-3393\" srcset=\"https:\/\/huellasdelpasado.eu\/wp-content\/uploads\/2026\/08\/hy-brasil-1024x683.png 1024w, https:\/\/huellasdelpasado.eu\/wp-content\/uploads\/2026\/08\/hy-brasil-300x200.png 300w, https:\/\/huellasdelpasado.eu\/wp-content\/uploads\/2026\/08\/hy-brasil-768x512.png 768w, https:\/\/huellasdelpasado.eu\/wp-content\/uploads\/2026\/08\/hy-brasil-18x12.png 18w, https:\/\/huellasdelpasado.eu\/wp-content\/uploads\/2026\/08\/hy-brasil-1320x880.png 1320w, https:\/\/huellasdelpasado.eu\/wp-content\/uploads\/2026\/08\/hy-brasil.png 1536w\" sizes=\"auto, (max-width: 1024px) 100vw, 1024px\" \/><\/div><\/div><\/figure><\/div><\/li><\/ul><\/div>\n\n<style>.wp-block-kadence-spacer.kt-block-spacer-57_121317-83 .kt-block-spacer{height:74px;}.wp-block-kadence-spacer.kt-block-spacer-57_121317-83 .kt-divider{border-top-width:3px;height:1px;border-top-color:#d7b768;width:100%;border-top-style:solid;}<\/style>\n<div class=\"wp-block-kadence-spacer aligncenter kt-block-spacer-57_121317-83\"><div class=\"kt-block-spacer kt-block-spacer-halign-center\"><hr class=\"kt-divider\"\/><\/div><\/div>\n\n\n\n<p class=\"wp-block-paragraph\"><\/p>","protected":false},"excerpt":{"rendered":"","protected":false},"author":1,"featured_media":0,"parent":0,"menu_order":0,"comment_status":"closed","ping_status":"closed","template":"","meta":{"site-sidebar-layout":"left-sidebar","site-content-layout":"","ast-site-content-layout":"default","site-content-style":"default","site-sidebar-style":"default","ast-global-header-display":"","ast-banner-title-visibility":"","ast-main-header-display":"","ast-hfb-above-header-display":"","ast-hfb-below-header-display":"","ast-hfb-mobile-header-display":"","site-post-title":"disabled","ast-breadcrumbs-content":"","ast-featured-img":"","footer-sml-layout":"","ast-disable-related-posts":"","theme-transparent-header-meta":"","adv-header-id-meta":"","stick-header-meta":"","header-above-stick-meta":"","header-main-stick-meta":"","header-below-stick-meta":"","astra-migrate-meta-layouts":"default","ast-page-background-enabled":"default","ast-page-background-meta":{"desktop":{"background-color":"var(--ast-global-color-5)","background-image":"","background-repeat":"repeat","background-position":"center center","background-size":"auto","background-attachment":"scroll","background-type":"","background-media":"","overlay-type":"","overlay-color":"","overlay-opacity":"","overlay-gradient":""},"tablet":{"background-color":"","background-image":"","background-repeat":"repeat","background-position":"center center","background-size":"auto","background-attachment":"scroll","background-type":"","background-media":"","overlay-type":"","overlay-color":"","overlay-opacity":"","overlay-gradient":""},"mobile":{"background-color":"","background-image":"","background-repeat":"repeat","background-position":"center center","background-size":"auto","background-attachment":"scroll","background-type":"","background-media":"","overlay-type":"","overlay-color":"","overlay-opacity":"","overlay-gradient":""}},"ast-content-background-meta":{"desktop":{"background-color":"var(--ast-global-color-4)","background-image":"","background-repeat":"repeat","background-position":"center center","background-size":"auto","background-attachment":"scroll","background-type":"","background-media":"","overlay-type":"","overlay-color":"","overlay-opacity":"","overlay-gradient":""},"tablet":{"background-color":"var(--ast-global-color-4)","background-image":"","background-repeat":"repeat","background-position":"center center","background-size":"auto","background-attachment":"scroll","background-type":"","background-media":"","overlay-type":"","overlay-color":"","overlay-opacity":"","overlay-gradient":""},"mobile":{"background-color":"var(--ast-global-color-4)","background-image":"","background-repeat":"repeat","background-position":"center center","background-size":"auto","background-attachment":"scroll","background-type":"","background-media":"","overlay-type":"","overlay-color":"","overlay-opacity":"","overlay-gradient":""}},"footnotes":""},"class_list":["post-57","page","type-page","status-publish","hentry"],"_hostinger_reach_plugin_has_subscription_block":false,"_hostinger_reach_plugin_is_elementor":false,"_links":{"self":[{"href":"https:\/\/huellasdelpasado.eu\/en\/wp-json\/wp\/v2\/pages\/57","targetHints":{"allow":["GET"]}}],"collection":[{"href":"https:\/\/huellasdelpasado.eu\/en\/wp-json\/wp\/v2\/pages"}],"about":[{"href":"https:\/\/huellasdelpasado.eu\/en\/wp-json\/wp\/v2\/types\/page"}],"author":[{"embeddable":true,"href":"https:\/\/huellasdelpasado.eu\/en\/wp-json\/wp\/v2\/users\/1"}],"replies":[{"embeddable":true,"href":"https:\/\/huellasdelpasado.eu\/en\/wp-json\/wp\/v2\/comments?post=57"}],"version-history":[{"count":30,"href":"https:\/\/huellasdelpasado.eu\/en\/wp-json\/wp\/v2\/pages\/57\/revisions"}],"predecessor-version":[{"id":3499,"href":"https:\/\/huellasdelpasado.eu\/en\/wp-json\/wp\/v2\/pages\/57\/revisions\/3499"}],"wp:attachment":[{"href":"https:\/\/huellasdelpasado.eu\/en\/wp-json\/wp\/v2\/media?parent=57"}],"curies":[{"name":"wp","href":"https:\/\/api.w.org\/{rel}","templated":true}]}}